{"id":44331,"date":"2017-09-21T10:06:24","date_gmt":"2017-09-21T08:06:24","guid":{"rendered":"http:\/\/wp.1dfh.de\/wordpress\/flugplatzfest-muehlacker-duerrmenz-17-09-2017\/"},"modified":"2017-09-21T10:11:52","modified_gmt":"2017-09-21T08:11:52","slug":"flugplatzfest-muehlacker-duerrmenz-17-09-2017","status":"publish","type":"page","link":"https:\/\/wp.1dfh.de\/wordpress\/fotoalben\/2017-2\/flugplatzfest-muehlacker-duerrmenz-17-09-2017\/","title":{"rendered":"Flugplatzfest M\u00fchlacker-D\u00fcrrmenz 17.09.2017"},"content":{"rendered":"ngg_shortcode_0_placeholder\n<p>Flugplatzfest, Flugplatzfest M\u00fchlacker, Flugsportclub M\u00fchlacker, Flugsportclub M\u00fchlacker und Umgebung e.V., Motorkunstflug, M\u00fchlacker, M\u00fchlacker-D\u00fcrrmenz<\/p>\n<div class=\"ngg-related-gallery\">\n\t\t\t<a href=\"https:\/\/wp.1dfh.de\/wordpress\/wp-content\/gallery\/flugplatzfest-degerfeld-2009\/1dfh-degerfeld-290809-024.jpg?t=1770668311\"\n\t\t\ttitle=\" \"\n\t\t\t\t\t\t\t\t\t\t\t\t\t\t\t data-image-id=\"2421\" data-src=\"https:\/\/wp.1dfh.de\/wordpress\/wp-content\/gallery\/flugplatzfest-degerfeld-2009\/1dfh-degerfeld-290809-024.jpg?t=1770668311\" data-thumbnail=\"https:\/\/wp.1dfh.de\/wordpress\/wp-content\/gallery\/flugplatzfest-degerfeld-2009\/cache\/1dfh-degerfeld-290809-024.jpg-nggid042421-ngg0dyn-100x100x100-00f0w010c011r110f110r010t010.jpg?t=1770668311\" data-title=\"1dfh-degerfeld-290809-024\" data-description=\" \">\n\t\t\t<img title=\"1dfh-degerfeld-290809-024\"\n\t\t\t\talt=\"1dfh-degerfeld-290809-024\"\n\t\t\t\tdata-image-id=\"2421\"\n\t\t\t\tsrc=\"\"\/>\n\t\t<\/a>\n\t\t\t<a href=\"https:\/\/wp.1dfh.de\/wordpress\/wp-content\/gallery\/flugplatzfest-illertissen-19-06-2011\/illertissen11.jpg?t=1773396784\"\n\t\t\ttitle=\"Collage\"\n\t\t\t\t\t\t\t\t\t\t\t\t\t\t\t data-image-id=\"12140\" data-src=\"https:\/\/wp.1dfh.de\/wordpress\/wp-content\/gallery\/flugplatzfest-illertissen-19-06-2011\/illertissen11.jpg?t=1773396784\" data-thumbnail=\"https:\/\/wp.1dfh.de\/wordpress\/wp-content\/gallery\/flugplatzfest-illertissen-19-06-2011\/cache\/illertissen11.jpg-nggid0512140-ngg0dyn-100x100x100-00f0w010c011r110f110r010t010.jpg?t=1773396784\" data-title=\"Flugplatzfest Illertissen 19.06.2011\" data-description=\"Collage\">\n\t\t\t<img title=\"Flugplatzfest Illertissen 19.06.2011\"\n\t\t\t\talt=\"Flugplatzfest Illertissen 19.06.2011\"\n\t\t\t\tdata-image-id=\"12140\"\n\t\t\t\tsrc=\"\"\/>\n\t\t<\/a>\n\t\t\t<a href=\"https:\/\/wp.1dfh.de\/wordpress\/wp-content\/gallery\/flugplatzfest-illertissen-19-06-2011\/cg-illertissen-dsc01172.jpg?t=1773396784\"\n\t\t\ttitle=\"Foto: Colin Gminder\"\n\t\t\t\t\t\t\t\t\t\t\t\t\t\t\t data-image-id=\"12141\" data-src=\"https:\/\/wp.1dfh.de\/wordpress\/wp-content\/gallery\/flugplatzfest-illertissen-19-06-2011\/cg-illertissen-dsc01172.jpg?t=1773396784\" data-thumbnail=\"https:\/\/wp.1dfh.de\/wordpress\/wp-content\/gallery\/flugplatzfest-illertissen-19-06-2011\/cache\/cg-illertissen-dsc01172.jpg-nggid0512141-ngg0dyn-100x100x100-00f0w010c011r110f110r010t010.jpg?t=1773396784\" data-title=\"Flugplatzfest Illertissen 19.06.2011\" data-description=\"Foto: Colin Gminder\">\n\t\t\t<img title=\"Flugplatzfest Illertissen 19.06.2011\"\n\t\t\t\talt=\"Flugplatzfest Illertissen 19.06.2011\"\n\t\t\t\tdata-image-id=\"12141\"\n\t\t\t\tsrc=\"\"\/>\n\t\t<\/a>\n\t\t\t<a href=\"https:\/\/wp.1dfh.de\/wordpress\/wp-content\/gallery\/flugplatzfest-illertissen-19-06-2011\/lg_illertissen-dsc_0211.jpg?t=1773396784\"\n\t\t\ttitle=\"Foto: Lisa Gminder\"\n\t\t\t\t\t\t\t\t\t\t\t\t\t\t\t data-image-id=\"12142\" data-src=\"https:\/\/wp.1dfh.de\/wordpress\/wp-content\/gallery\/flugplatzfest-illertissen-19-06-2011\/lg_illertissen-dsc_0211.jpg?t=1773396784\" data-thumbnail=\"https:\/\/wp.1dfh.de\/wordpress\/wp-content\/gallery\/flugplatzfest-illertissen-19-06-2011\/cache\/lg_illertissen-dsc_0211.jpg-nggid0512142-ngg0dyn-100x100x100-00f0w010c011r110f110r010t010.jpg?t=1773396784\" data-title=\"Flugplatzfest Illertissen 19.06.2011\" data-description=\"Foto: Lisa Gminder\">\n\t\t\t<img title=\"Flugplatzfest Illertissen 19.06.2011\"\n\t\t\t\talt=\"Flugplatzfest Illertissen 19.06.2011\"\n\t\t\t\tdata-image-id=\"12142\"\n\t\t\t\tsrc=\"\"\/>\n\t\t<\/a>\n\t\t\t<a href=\"https:\/\/wp.1dfh.de\/wordpress\/wp-content\/gallery\/flugplatzfest-illertissen-19-06-2011\/dsc00861.jpg?t=1773396784\"\n\t\t\ttitle=\"Foto: Colin Gminder\"\n\t\t\t\t\t\t\t\t\t\t\t\t\t\t\t data-image-id=\"12149\" data-src=\"https:\/\/wp.1dfh.de\/wordpress\/wp-content\/gallery\/flugplatzfest-illertissen-19-06-2011\/dsc00861.jpg?t=1773396784\" data-thumbnail=\"https:\/\/wp.1dfh.de\/wordpress\/wp-content\/gallery\/flugplatzfest-illertissen-19-06-2011\/cache\/dsc00861.jpg-nggid0512149-ngg0dyn-100x100x100-00f0w010c011r110f110r010t010.jpg?t=1773396784\" data-title=\"Flugplatzfest Illertissen 19.06.2011\" data-description=\"Foto: Colin Gminder\">\n\t\t\t<img title=\"Flugplatzfest Illertissen 19.06.2011\"\n\t\t\t\talt=\"Flugplatzfest Illertissen 19.06.2011\"\n\t\t\t\tdata-image-id=\"12149\"\n\t\t\t\tsrc=\"\"\/>\n\t\t<\/a>\n\t\t\t<a href=\"https:\/\/wp.1dfh.de\/wordpress\/wp-content\/gallery\/flugplatzfest-mit-oldtimertreffen-fliegergruppe-huelben-e-v-27-07-2014\/1-gute-huelben.jpg?t=1773792456\"\n\t\t\ttitle=\"Flugplatzfest Fliegergruppe H\u00fclben e.V. 2014\"\n\t\t\t\t\t\t\t\t\t\t\t\t\t\t\t data-image-id=\"40970\" data-src=\"https:\/\/wp.1dfh.de\/wordpress\/wp-content\/gallery\/flugplatzfest-mit-oldtimertreffen-fliegergruppe-huelben-e-v-27-07-2014\/1-gute-huelben.jpg?t=1773792456\" data-thumbnail=\"https:\/\/wp.1dfh.de\/wordpress\/wp-content\/gallery\/flugplatzfest-mit-oldtimertreffen-fliegergruppe-huelben-e-v-27-07-2014\/cache\/1-gute-huelben.jpg-nggid0540970-ngg0dyn-100x100x100-00f0w010c011r110f110r010t010.jpg?t=1773792456\" data-title=\"Flugplatzfest Fliegergruppe H\u00fclben e.V. 2014\" data-description=\"Flugplatzfest Fliegergruppe H\u00fclben e.V. 2014\">\n\t\t\t<img title=\"Flugplatzfest Fliegergruppe H\u00fclben e.V. 2014\"\n\t\t\t\talt=\"Flugplatzfest Fliegergruppe H\u00fclben e.V. 2014\"\n\t\t\t\tdata-image-id=\"40970\"\n\t\t\t\tsrc=\"\"\/>\n\t\t<\/a>\n\t\t\t<a href=\"https:\/\/wp.1dfh.de\/wordpress\/wp-content\/gallery\/dg-1000-dietmar-huttenlocher-flugplatzfest-fliegergruppe-huelben-e-v-2014\/01-vlcsnap-2014-07-27-23h16m48s25.jpg?t=1773396784\"\n\t\t\ttitle=\"Flugplatzfest Fliegergruppe H\u00fclben e.V. 2014\"\n\t\t\t\t\t\t\t\t\t\t\t\t\t\t\t data-image-id=\"40971\" data-src=\"https:\/\/wp.1dfh.de\/wordpress\/wp-content\/gallery\/dg-1000-dietmar-huttenlocher-flugplatzfest-fliegergruppe-huelben-e-v-2014\/01-vlcsnap-2014-07-27-23h16m48s25.jpg?t=1773396784\" data-thumbnail=\"https:\/\/wp.1dfh.de\/wordpress\/wp-content\/gallery\/dg-1000-dietmar-huttenlocher-flugplatzfest-fliegergruppe-huelben-e-v-2014\/cache\/01-vlcsnap-2014-07-27-23h16m48s25.jpg-nggid0540971-ngg0dyn-100x100x100-00f0w010c011r110f110r010t010.jpg?t=1773396784\" data-title=\"Flugplatzfest Fliegergruppe H\u00fclben e.V. 2014\" data-description=\"Flugplatzfest Fliegergruppe H\u00fclben e.V. 2014\">\n\t\t\t<img title=\"Flugplatzfest Fliegergruppe H\u00fclben e.V. 2014\"\n\t\t\t\talt=\"Flugplatzfest Fliegergruppe H\u00fclben e.V. 2014\"\n\t\t\t\tdata-image-id=\"40971\"\n\t\t\t\tsrc=\"\"\/>\n\t\t<\/a>\n\t<\/div>\n","protected":false},"excerpt":{"rendered":"<p>Flugplatzfest, Flugplatzfest M\u00fchlacker, Flugsportclub M\u00fchlacker, Flugsportclub M\u00fchlacker und Umgebung e.V., Motorkunstflug, M\u00fchlacker, M\u00fchlacker-D\u00fcrrmenz<\/p>\n","protected":false},"author":2,"featured_media":0,"parent":30905,"menu_order":0,"comment_status":"closed","ping_status":"closed","template":"","meta":{"ngg_post_thumbnail":0,"footnotes":""},"class_list":["post-44331","page","type-page","status-publish","hentry"],"_links":{"self":[{"href":"https:\/\/wp.1dfh.de\/wordpress\/wp-json\/wp\/v2\/pages\/44331","targetHints":{"allow":["GET"]}}],"collection":[{"href":"https:\/\/wp.1dfh.de\/wordpress\/wp-json\/wp\/v2\/pages"}],"about":[{"href":"https:\/\/wp.1dfh.de\/wordpress\/wp-json\/wp\/v2\/types\/page"}],"author":[{"embeddable":true,"href":"https:\/\/wp.1dfh.de\/wordpress\/wp-json\/wp\/v2\/users\/2"}],"replies":[{"embeddable":true,"href":"https:\/\/wp.1dfh.de\/wordpress\/wp-json\/wp\/v2\/comments?post=44331"}],"version-history":[{"count":2,"href":"https:\/\/wp.1dfh.de\/wordpress\/wp-json\/wp\/v2\/pages\/44331\/revisions"}],"predecessor-version":[{"id":44334,"href":"https:\/\/wp.1dfh.de\/wordpress\/wp-json\/wp\/v2\/pages\/44331\/revisions\/44334"}],"up":[{"embeddable":true,"href":"https:\/\/wp.1dfh.de\/wordpress\/wp-json\/wp\/v2\/pages\/30905"}],"wp:attachment":[{"href":"https:\/\/wp.1dfh.de\/wordpress\/wp-json\/wp\/v2\/media?parent=44331"}],"curies":[{"name":"wp","href":"https:\/\/api.w.org\/{rel}","templated":true}]}}